{"id":1599,"date":"2022-04-04T10:44:01","date_gmt":"2022-04-04T08:44:01","guid":{"rendered":"https:\/\/subirapuig-sculpteur.com\/?page_id=1599"},"modified":"2022-04-15T17:33:48","modified_gmt":"2022-04-15T15:33:48","slug":"biographie","status":"publish","type":"page","link":"https:\/\/subirapuig-sculpteur.com\/index.php\/biographie\/","title":{"rendered":"Biographie"},"content":{"rendered":"\t\t<div data-elementor-type=\"wp-page\" data-elementor-id=\"1599\" class=\"elementor elementor-1599\">\n\t\t\t\t\t\t<section class=\"elementor-section elementor-top-section elementor-element elementor-element-d1047b3 elementor-section-boxed elementor-section-height-default elementor-section-height-default\" data-id=\"d1047b3\" data-element_type=\"section\" data-e-type=\"section\">\n\t\t\t\t\t\t<div class=\"elementor-container elementor-column-gap-default\">\n\t\t\t\t\t<div class=\"elementor-column elementor-col-100 elementor-top-column elementor-element elementor-element-b9cb890\" data-id=\"b9cb890\" data-element_type=\"column\" data-e-type=\"column\">\n\t\t\t<div class=\"elementor-widget-wrap elementor-element-populated\">\n\t\t\t\t\t\t<div class=\"elementor-element elementor-element-929f9bf elementor-widget elementor-widget-heading\" data-id=\"929f9bf\" data-element_type=\"widget\" data-e-type=\"widget\" data-widget_type=\"heading.default\">\n\t\t\t\t<div class=\"elementor-widget-container\">\n\t\t\t\t\t<h2 class=\"elementor-heading-title elementor-size-default\">Jos\u00e9 Subir\u00e0-Puig<\/h2>\t\t\t\t<\/div>\n\t\t\t\t<\/div>\n\t\t\t\t\t<\/div>\n\t\t<\/div>\n\t\t\t\t\t<\/div>\n\t\t<\/section>\n\t\t\t\t<section class=\"elementor-section elementor-top-section elementor-element elementor-element-a558437 elementor-section-boxed elementor-section-height-default elementor-section-height-default\" data-id=\"a558437\" data-element_type=\"section\" data-e-type=\"section\">\n\t\t\t\t\t\t<div class=\"elementor-container elementor-column-gap-default\">\n\t\t\t\t\t<div class=\"elementor-column elementor-col-33 elementor-top-column elementor-element elementor-element-20fb178\" data-id=\"20fb178\" data-element_type=\"column\" data-e-type=\"column\">\n\t\t\t<div class=\"elementor-widget-wrap elementor-element-populated\">\n\t\t\t\t\t\t<div class=\"elementor-element elementor-element-27a5256 elementor-widget elementor-widget-image\" data-id=\"27a5256\" data-element_type=\"widget\" data-e-type=\"widget\" data-widget_type=\"image.default\">\n\t\t\t\t<div class=\"elementor-widget-container\">\n\t\t\t\t\t\t\t\t\t\t\t\t\t\t\t<img decoding=\"async\" src=\"https:\/\/subirapuig-sculpteur.com\/wp-content\/uploads\/elementor\/thumbs\/montage-oeuvre-perso-de-C.Z.-scaled-pm6mg02d6frqr1k8k07kq6m24g8t610yag8vkwr5c2.jpg\" title=\"montage oeuvre perso de C.Z.\" alt=\"montage oeuvre perso de C.Z.\" loading=\"lazy\" \/>\t\t\t\t\t\t\t\t\t\t\t\t\t\t\t<\/div>\n\t\t\t\t<\/div>\n\t\t\t\t\t<\/div>\n\t\t<\/div>\n\t\t\t\t<div class=\"elementor-column elementor-col-33 elementor-top-column elementor-element elementor-element-5481dda\" data-id=\"5481dda\" data-element_type=\"column\" data-e-type=\"column\">\n\t\t\t<div class=\"elementor-widget-wrap elementor-element-populated\">\n\t\t\t\t\t\t<div class=\"elementor-element elementor-element-201a131 elementor-widget elementor-widget-image\" data-id=\"201a131\" data-element_type=\"widget\" data-e-type=\"widget\" data-widget_type=\"image.default\">\n\t\t\t\t<div class=\"elementor-widget-container\">\n\t\t\t\t\t\t\t\t\t\t\t\t\t\t\t<img decoding=\"async\" src=\"https:\/\/subirapuig-sculpteur.com\/wp-content\/uploads\/elementor\/thumbs\/109-C-JSP-1-er-atelier-mouftard-1-scaled-pm6meayuu7g3se0zgrstq413iely9paee1ubdx9qki.jpg\" title=\"109 C JSP 1 er atelier mouftard\" alt=\"109 C JSP 1 er atelier mouftard\" loading=\"lazy\" \/>\t\t\t\t\t\t\t\t\t\t\t\t\t\t\t<\/div>\n\t\t\t\t<\/div>\n\t\t\t\t\t<\/div>\n\t\t<\/div>\n\t\t\t\t<div class=\"elementor-column elementor-col-33 elementor-top-column elementor-element elementor-element-b0f06b8\" data-id=\"b0f06b8\" data-element_type=\"column\" data-e-type=\"column\">\n\t\t\t<div class=\"elementor-widget-wrap elementor-element-populated\">\n\t\t\t\t\t\t<div class=\"elementor-element elementor-element-ca2a669 elementor-widget elementor-widget-image\" data-id=\"ca2a669\" data-element_type=\"widget\" data-e-type=\"widget\" data-widget_type=\"image.default\">\n\t\t\t\t<div class=\"elementor-widget-container\">\n\t\t\t\t\t\t\t\t\t\t\t\t\t\t\t<img decoding=\"async\" src=\"https:\/\/subirapuig-sculpteur.com\/wp-content\/uploads\/elementor\/thumbs\/B-31-Tomas-de-Torquemada-CNAC-1973-scaled-e1649405114837-pn1yj04o1v64yttdtu1vzmzy0vsatqvzg8wu10f0ea.jpg\" title=\"Tomas de Torquemada 1973\" alt=\"Tomas de Torquemada 1973\" loading=\"lazy\" \/>\t\t\t\t\t\t\t\t\t\t\t\t\t\t\t<\/div>\n\t\t\t\t<\/div>\n\t\t\t\t\t<\/div>\n\t\t<\/div>\n\t\t\t\t\t<\/div>\n\t\t<\/section>\n\t\t\t\t<section class=\"elementor-section elementor-top-section elementor-element elementor-element-583a93c elementor-section-content-middle elementor-section-full_width elementor-section-stretched elementor-section-height-default elementor-section-height-default\" data-id=\"583a93c\" data-element_type=\"section\" data-e-type=\"section\" data-settings=\"{&quot;background_background&quot;:&quot;gradient&quot;,&quot;stretch_section&quot;:&quot;section-stretched&quot;}\">\n\t\t\t\t\t\t<div class=\"elementor-container elementor-column-gap-no\">\n\t\t\t\t\t<div class=\"elementor-column elementor-col-100 elementor-top-column elementor-element elementor-element-fe6a2e7\" data-id=\"fe6a2e7\" data-element_type=\"column\" data-e-type=\"column\">\n\t\t\t<div class=\"elementor-widget-wrap elementor-element-populated\">\n\t\t\t\t\t\t<div class=\"elementor-element elementor-element-7324b1a elementor-widget-tablet__width-initial elementor-widget elementor-widget-text-editor\" data-id=\"7324b1a\" data-element_type=\"widget\" data-e-type=\"widget\" data-widget_type=\"text-editor.default\">\n\t\t\t\t<div class=\"elementor-widget-container\">\n\t\t\t\t\t\t\t\t\t<p>N\u00e9 en 1925, Jos\u00e9 Subira-Puig suit des \u00e9tudes musicales au conservatoire Luis Millet de Barcelone. Il est ensuite l\u2019\u00e9l\u00e8ve du sculpteur Enrique Monjo \u00e0 l\u2019\u00e9cole des Beaux-arts (La Llotja) de Barcelone en 1941 et \u00e9tudie la taille directe avec le sculpteur Charles Collet de 1942 \u00e0 1944.<\/p><p>Il d\u00e9couvre Paris en 1953 o\u00f9 il assiste le sculpteur Apel\u00b7les Fenosa.<br \/>Ses premi\u00e8res ann\u00e9es parisiennes, il est accueilli par les artistes espagnols, exil\u00e9s arriv\u00e9s en 1939, dont les sculpteurs La Torre et Lobo.<\/p><p>En 1955, parall\u00e8lement \u00e0 ses propres recherches, il devient l\u2019assistant du peintre Luis Fernandez, puis s\u2019initie \u00e0 la c\u00e9ramique avec Jean Payen. Il choisit de vivre \u00e0 Paris et y fonde sa famille.<\/p><p>Vers 1960, sa d\u00e9couverte des douves de tonneaux, vou\u00e9es \u00e0 la destruction, est \u00e0 l\u2019origine de son int\u00e9r\u00eat pour le bois qui finit par devenir son mat\u00e9riau privil\u00e9gi\u00e9 avec la production de pi\u00e8ces complexes, mobiles ou monumentales.<\/p><p>Durant les ann\u00e9es 60, il fr\u00e9quente Christian et Yvonne Zervos, Ren\u00e9 Char ou Ossip Zadkine.<\/p><p>A partir de 1961, il est invit\u00e9 \u00e0 exposer dans de nombreuses galeries et mus\u00e9es en France et en Espagne, et la reconnaissance de son talent ne tardera pas.<\/p>\t\t\t\t\t\t\t\t<\/div>\n\t\t\t\t<\/div>\n\t\t\t\t\t<\/div>\n\t\t<\/div>\n\t\t\t\t\t<\/div>\n\t\t<\/section>\n\t\t\t\t<section class=\"elementor-section elementor-top-section elementor-element elementor-element-372e2d2 elementor-section-boxed elementor-section-height-default elementor-section-height-default\" data-id=\"372e2d2\" data-element_type=\"section\" data-e-type=\"section\">\n\t\t\t\t\t\t<div class=\"elementor-container elementor-column-gap-default\">\n\t\t\t\t\t<div class=\"elementor-column elementor-col-100 elementor-top-column elementor-element elementor-element-02be667\" data-id=\"02be667\" data-element_type=\"column\" data-e-type=\"column\">\n\t\t\t<div class=\"elementor-widget-wrap elementor-element-populated\">\n\t\t\t\t\t\t<div class=\"elementor-element elementor-element-dfdba1d elementor-widget elementor-widget-heading\" data-id=\"dfdba1d\" data-element_type=\"widget\" data-e-type=\"widget\" data-widget_type=\"heading.default\">\n\t\t\t\t<div class=\"elementor-widget-container\">\n\t\t\t\t\t<h2 class=\"elementor-heading-title elementor-size-default\">\"Ses premi\u00e8res fois\"<\/h2>\t\t\t\t<\/div>\n\t\t\t\t<\/div>\n\t\t\t\t\t<\/div>\n\t\t<\/div>\n\t\t\t\t\t<\/div>\n\t\t<\/section>\n\t\t\t\t<section class=\"elementor-section elementor-top-section elementor-element elementor-element-922e536 elementor-section-full_width elementor-section-stretched elementor-section-height-default elementor-section-height-default\" data-id=\"922e536\" data-element_type=\"section\" data-e-type=\"section\" data-settings=\"{&quot;background_background&quot;:&quot;classic&quot;,&quot;stretch_section&quot;:&quot;section-stretched&quot;}\">\n\t\t\t\t\t\t<div class=\"elementor-container elementor-column-gap-no\">\n\t\t\t\t\t<div class=\"elementor-column elementor-col-100 elementor-top-column elementor-element elementor-element-f6ac9a5\" data-id=\"f6ac9a5\" data-element_type=\"column\" data-e-type=\"column\">\n\t\t\t<div class=\"elementor-widget-wrap elementor-element-populated\">\n\t\t\t\t\t\t<div class=\"elementor-element elementor-element-28fe116 elementor-widget elementor-widget-text-editor\" data-id=\"28fe116\" data-element_type=\"widget\" data-e-type=\"widget\" data-widget_type=\"text-editor.default\">\n\t\t\t\t<div class=\"elementor-widget-container\">\n\t\t\t\t\t\t\t\t\t<ul><li>En 1958, il est invit\u00e9 pour la 1\u00e8re fois au Salon de la Jeune sculpture cr\u00e9\u00e9 par Denys Chevallier et Pierre Descargues<\/li><li>\u00a01961, 1\u00e8re exposition \u00e0 Barcelone galerie Syra<\/li><li>1967, 1\u00e8re exposition \u00e0 Paris galerie Cahiers d\u2019art d\u2019Yvonne Zervos<\/li><li>1969, 1er achat des Mus\u00e9es nationaux<\/li><li>1970, 1\u00e8re expo \u00e0 la galerie Ariel de Jean Pollac<\/li><li>En 1972, il r\u00e9alise sa 1\u00e8re sculpture monumentale au Symposium du Mus\u00e9e \u00e0 l\u2019air libre de la Faisanderie de S\u00e9nart<\/li><li>1974 : Charg\u00e9 de cours \u00e0 l\u2019Universit\u00e9 Paris 1 \/ Panth\u00e9on-Sorbonne<\/li><li>En 1975, publication de sa 1\u00e8re monographie \u00ab L\u2019espace bois \u00bb par G\u00e9rard Xuriguera (collection \u00ab L\u2019Art se raconte \u00bb).<\/li><\/ul>\t\t\t\t\t\t\t\t<\/div>\n\t\t\t\t<\/div>\n\t\t\t\t\t<\/div>\n\t\t<\/div>\n\t\t\t\t\t<\/div>\n\t\t<\/section>\n\t\t\t\t<section class=\"elementor-section elementor-top-section elementor-element elementor-element-867db06 elementor-section-content-middle elementor-section-full_width elementor-section-stretched elementor-section-height-default elementor-section-height-default\" data-id=\"867db06\" data-element_type=\"section\" data-e-type=\"section\" data-settings=\"{&quot;background_background&quot;:&quot;gradient&quot;,&quot;stretch_section&quot;:&quot;section-stretched&quot;}\">\n\t\t\t\t\t\t<div class=\"elementor-container elementor-column-gap-no\">\n\t\t\t\t\t<div class=\"elementor-column elementor-col-100 elementor-top-column elementor-element elementor-element-b987ed0\" data-id=\"b987ed0\" data-element_type=\"column\" data-e-type=\"column\">\n\t\t\t<div class=\"elementor-widget-wrap elementor-element-populated\">\n\t\t\t\t\t\t<div class=\"elementor-element elementor-element-65be18b elementor-widget-tablet__width-initial elementor-widget elementor-widget-text-editor\" data-id=\"65be18b\" data-element_type=\"widget\" data-e-type=\"widget\" data-widget_type=\"text-editor.default\">\n\t\t\t\t<div class=\"elementor-widget-container\">\n\t\t\t\t\t\t\t\t\t<p>De 1973 \u00e0 1995, dans le cadre de la loi du 1% artistique pour l\u2019am\u00e9nagement des lieux publics, il r\u00e9alise 27 \u0153uvres monumentales sur concours.<br \/>En 1978, il installe son atelier de Fontenay-sous-Bois, compatible \u00e0 la conception d\u2019\u0153uvres monumentales.<br \/>En 1987, il am\u00e9nage un atelier pr\u00e8s de la maison familiale \u00e0 la campagne, plus propice \u00e0 la r\u00e9flexion.<br \/>De 2009 \u00e0 2015, il fait \u00e9diter certaines pi\u00e8ces en bronze.<br \/>Jos\u00e9 Subira-Puig d\u00e9c\u00e8de en d\u00e9cembre 2015. En d\u00e9cembre 2016, sa famille cr\u00e9\u00e9e l\u2019association Jos\u00e9 Subira-Puig Sculpteur.<\/p>\t\t\t\t\t\t\t\t<\/div>\n\t\t\t\t<\/div>\n\t\t\t\t\t<\/div>\n\t\t<\/div>\n\t\t\t\t\t<\/div>\n\t\t<\/section>\n\t\t\t\t<section class=\"elementor-section elementor-top-section elementor-element elementor-element-e41731a elementor-section-boxed elementor-section-height-default elementor-section-height-default\" data-id=\"e41731a\" data-element_type=\"section\" data-e-type=\"section\">\n\t\t\t\t\t\t<div class=\"elementor-container elementor-column-gap-default\">\n\t\t\t\t\t<div class=\"elementor-column elementor-col-100 elementor-top-column elementor-element elementor-element-4e93371\" data-id=\"4e93371\" data-element_type=\"column\" data-e-type=\"column\">\n\t\t\t<div class=\"elementor-widget-wrap elementor-element-populated\">\n\t\t\t\t\t\t<div class=\"elementor-element elementor-element-cb0984c elementor-widget elementor-widget-heading\" data-id=\"cb0984c\" data-element_type=\"widget\" data-e-type=\"widget\" data-widget_type=\"heading.default\">\n\t\t\t\t<div class=\"elementor-widget-container\">\n\t\t\t\t\t<h2 class=\"elementor-heading-title elementor-size-default\">\"La reconnaissance de son talent\"<\/h2>\t\t\t\t<\/div>\n\t\t\t\t<\/div>\n\t\t\t\t\t<\/div>\n\t\t<\/div>\n\t\t\t\t\t<\/div>\n\t\t<\/section>\n\t\t\t\t<section class=\"elementor-section elementor-top-section elementor-element elementor-element-248506e elementor-section-full_width elementor-section-stretched elementor-section-height-default elementor-section-height-default\" data-id=\"248506e\" data-element_type=\"section\" data-e-type=\"section\" data-settings=\"{&quot;background_background&quot;:&quot;classic&quot;,&quot;stretch_section&quot;:&quot;section-stretched&quot;}\">\n\t\t\t\t\t\t<div class=\"elementor-container elementor-column-gap-no\">\n\t\t\t\t\t<div class=\"elementor-column elementor-col-100 elementor-top-column elementor-element elementor-element-906da3b\" data-id=\"906da3b\" data-element_type=\"column\" data-e-type=\"column\">\n\t\t\t<div class=\"elementor-widget-wrap elementor-element-populated\">\n\t\t\t\t\t\t<div class=\"elementor-element elementor-element-5b16bdd elementor-widget elementor-widget-text-editor\" data-id=\"5b16bdd\" data-element_type=\"widget\" data-e-type=\"widget\" data-widget_type=\"text-editor.default\">\n\t\t\t\t<div class=\"elementor-widget-container\">\n\t\t\t\t\t\t\t\t\t<ul><li>En 1971, il entre au comit\u00e9 directeur de la Jeune Sculpture<\/li><li>En 1984, Jack Lang, ministre de la Culture, le fait Chevalier de l\u2019Ordre des Arts et des Lettres<\/li><li>En 1985, il est laur\u00e9at de la fondation Elf-Aquitaine<\/li><li>En 1986, il re\u00e7oit le premier prix International Sculpture Adac, Collioure.<\/li><\/ul>\t\t\t\t\t\t\t\t<\/div>\n\t\t\t\t<\/div>\n\t\t\t\t\t<\/div>\n\t\t<\/div>\n\t\t\t\t\t<\/div>\n\t\t<\/section>\n\t\t\t\t<\/div>\n\t\t","protected":false},"excerpt":{"rendered":"<p>Jos\u00e9 Subir\u00e0-Puig N\u00e9 en 1925, Jos\u00e9 Subira-Puig suit des \u00e9tudes musicales au conservatoire Luis Millet de Barcelone. Il est ensuite l\u2019\u00e9l\u00e8ve du sculpteur Enrique Monjo \u00e0 l\u2019\u00e9cole des Beaux-arts (La Llotja) de Barcelone en 1941 et \u00e9tudie la taille directe avec le sculpteur Charles Collet de 1942 \u00e0 1944. Il d\u00e9couvre Paris en 1953 o\u00f9 [&hellip;]<\/p>\n","protected":false},"author":1,"featured_media":0,"parent":0,"menu_order":0,"comment_status":"closed","ping_status":"closed","template":"","meta":{"ocean_post_layout":"","ocean_both_sidebars_style":"","ocean_both_sidebars_content_width":0,"ocean_both_sidebars_sidebars_width":0,"ocean_sidebar":"0","ocean_second_sidebar":"0","ocean_disable_margins":"enable","ocean_add_body_class":"","ocean_shortcode_before_top_bar":"","ocean_shortcode_after_top_bar":"","ocean_shortcode_before_header":"","ocean_shortcode_after_header":"","ocean_has_shortcode":"","ocean_shortcode_after_title":"","ocean_shortcode_before_footer_widgets":"","ocean_shortcode_after_footer_widgets":"","ocean_shortcode_before_footer_bottom":"","ocean_shortcode_after_footer_bottom":"","ocean_display_top_bar":"default","ocean_display_header":"default","ocean_header_style":"","ocean_center_header_left_menu":"0","ocean_custom_header_template":"0","ocean_custom_logo":0,"ocean_custom_retina_logo":0,"ocean_custom_logo_max_width":0,"ocean_custom_logo_tablet_max_width":0,"ocean_custom_logo_mobile_max_width":0,"ocean_custom_logo_max_height":0,"ocean_custom_logo_tablet_max_height":0,"ocean_custom_logo_mobile_max_height":0,"ocean_header_custom_menu":"0","ocean_menu_typo_font_family":"0","ocean_menu_typo_font_subset":"","ocean_menu_typo_font_size":0,"ocean_menu_typo_font_size_tablet":0,"ocean_menu_typo_font_size_mobile":0,"ocean_menu_typo_font_size_unit":"px","ocean_menu_typo_font_weight":"","ocean_menu_typo_font_weight_tablet":"","ocean_menu_typo_font_weight_mobile":"","ocean_menu_typo_transform":"","ocean_menu_typo_transform_tablet":"","ocean_menu_typo_transform_mobile":"","ocean_menu_typo_line_height":0,"ocean_menu_typo_line_height_tablet":0,"ocean_menu_typo_line_height_mobile":0,"ocean_menu_typo_line_height_unit":"","ocean_menu_typo_spacing":0,"ocean_menu_typo_spacing_tablet":0,"ocean_menu_typo_spacing_mobile":0,"ocean_menu_typo_spacing_unit":"","ocean_menu_link_color":"","ocean_menu_link_color_hover":"","ocean_menu_link_color_active":"","ocean_menu_link_background":"","ocean_menu_link_hover_background":"","ocean_menu_link_active_background":"","ocean_menu_social_links_bg":"","ocean_menu_social_hover_links_bg":"","ocean_menu_social_links_color":"","ocean_menu_social_hover_links_color":"","ocean_disable_title":"default","ocean_disable_heading":"default","ocean_post_title":"","ocean_post_subheading":"","ocean_post_title_style":"","ocean_post_title_background_color":"","ocean_post_title_background":0,"ocean_post_title_bg_image_position":"","ocean_post_title_bg_image_attachment":"","ocean_post_title_bg_image_repeat":"","ocean_post_title_bg_image_size":"","ocean_post_title_height":0,"ocean_post_title_bg_overlay":0.5,"ocean_post_title_bg_overlay_color":"","ocean_disable_breadcrumbs":"default","ocean_breadcrumbs_color":"","ocean_breadcrumbs_separator_color":"","ocean_breadcrumbs_links_color":"","ocean_breadcrumbs_links_hover_color":"","ocean_display_footer_widgets":"default","ocean_display_footer_bottom":"default","ocean_custom_footer_template":"0","footnotes":""},"class_list":["post-1599","page","type-page","status-publish","hentry","entry"],"yoast_head":"<!-- This site is optimized with the Yoast SEO plugin v27.4 - https:\/\/yoast.com\/product\/yoast-seo-wordpress\/ -->\n<title>Biographie<\/title>\n<meta name=\"robots\" content=\"index, follow, max-snippet:-1, max-image-preview:large, max-video-preview:-1\" \/>\n<link rel=\"canonical\" href=\"https:\/\/subirapuig-sculpteur.com\/index.php\/biographie\/\" \/>\n<meta property=\"og:locale\" content=\"fr_FR\" \/>\n<meta property=\"og:type\" content=\"article\" \/>\n<meta property=\"og:title\" content=\"Biographie\" \/>\n<meta property=\"og:description\" content=\"Jos\u00e9 Subir\u00e0-Puig N\u00e9 en 1925, Jos\u00e9 Subira-Puig suit des \u00e9tudes musicales au conservatoire Luis Millet de Barcelone. Il est ensuite l\u2019\u00e9l\u00e8ve du sculpteur Enrique Monjo \u00e0 l\u2019\u00e9cole des Beaux-arts (La Llotja) de Barcelone en 1941 et \u00e9tudie la taille directe avec le sculpteur Charles Collet de 1942 \u00e0 1944. Il d\u00e9couvre Paris en 1953 o\u00f9 [&hellip;]\" \/>\n<meta property=\"og:url\" content=\"https:\/\/subirapuig-sculpteur.com\/index.php\/biographie\/\" \/>\n<meta property=\"article:modified_time\" content=\"2022-04-15T15:33:48+00:00\" \/>\n<meta property=\"og:image\" content=\"https:\/\/subirapuig-sculpteur.com\/wp-content\/uploads\/elementor\/thumbs\/montage-oeuvre-perso-de-C.Z.-scaled-pm6mg02d6frqr1k8k07kq6m24g8t610yag8vkwr5c2.jpg\" \/>\n<meta name=\"twitter:card\" content=\"summary_large_image\" \/>\n<meta name=\"twitter:label1\" content=\"Dur\u00e9e de lecture estim\u00e9e\" \/>\n\t<meta name=\"twitter:data1\" content=\"2 minutes\" \/>\n<script type=\"application\/ld+json\" class=\"yoast-schema-graph\">{\"@context\":\"https:\\\/\\\/schema.org\",\"@graph\":[{\"@type\":\"WebPage\",\"@id\":\"https:\\\/\\\/subirapuig-sculpteur.com\\\/index.php\\\/biographie\\\/\",\"url\":\"https:\\\/\\\/subirapuig-sculpteur.com\\\/index.php\\\/biographie\\\/\",\"name\":\"Biographie\",\"isPartOf\":{\"@id\":\"https:\\\/\\\/subirapuig-sculpteur.com\\\/#website\"},\"primaryImageOfPage\":{\"@id\":\"https:\\\/\\\/subirapuig-sculpteur.com\\\/index.php\\\/biographie\\\/#primaryimage\"},\"image\":{\"@id\":\"https:\\\/\\\/subirapuig-sculpteur.com\\\/index.php\\\/biographie\\\/#primaryimage\"},\"thumbnailUrl\":\"https:\\\/\\\/subirapuig-sculpteur.com\\\/wp-content\\\/uploads\\\/elementor\\\/thumbs\\\/montage-oeuvre-perso-de-C.Z.-scaled-pm6mg02d6frqr1k8k07kq6m24g8t610yag8vkwr5c2.jpg\",\"datePublished\":\"2022-04-04T08:44:01+00:00\",\"dateModified\":\"2022-04-15T15:33:48+00:00\",\"breadcrumb\":{\"@id\":\"https:\\\/\\\/subirapuig-sculpteur.com\\\/index.php\\\/biographie\\\/#breadcrumb\"},\"inLanguage\":\"fr-FR\",\"potentialAction\":[{\"@type\":\"ReadAction\",\"target\":[\"https:\\\/\\\/subirapuig-sculpteur.com\\\/index.php\\\/biographie\\\/\"]}]},{\"@type\":\"ImageObject\",\"inLanguage\":\"fr-FR\",\"@id\":\"https:\\\/\\\/subirapuig-sculpteur.com\\\/index.php\\\/biographie\\\/#primaryimage\",\"url\":\"https:\\\/\\\/subirapuig-sculpteur.com\\\/wp-content\\\/uploads\\\/elementor\\\/thumbs\\\/montage-oeuvre-perso-de-C.Z.-scaled-pm6mg02d6frqr1k8k07kq6m24g8t610yag8vkwr5c2.jpg\",\"contentUrl\":\"https:\\\/\\\/subirapuig-sculpteur.com\\\/wp-content\\\/uploads\\\/elementor\\\/thumbs\\\/montage-oeuvre-perso-de-C.Z.-scaled-pm6mg02d6frqr1k8k07kq6m24g8t610yag8vkwr5c2.jpg\"},{\"@type\":\"BreadcrumbList\",\"@id\":\"https:\\\/\\\/subirapuig-sculpteur.com\\\/index.php\\\/biographie\\\/#breadcrumb\",\"itemListElement\":[{\"@type\":\"ListItem\",\"position\":1,\"name\":\"Accueil\",\"item\":\"https:\\\/\\\/subirapuig-sculpteur.com\\\/\"},{\"@type\":\"ListItem\",\"position\":2,\"name\":\"Biographie\"}]},{\"@type\":\"WebSite\",\"@id\":\"https:\\\/\\\/subirapuig-sculpteur.com\\\/#website\",\"url\":\"https:\\\/\\\/subirapuig-sculpteur.com\\\/\",\"name\":\"\",\"description\":\"Jos\u00e9 Subira Puig\",\"potentialAction\":[{\"@type\":\"SearchAction\",\"target\":{\"@type\":\"EntryPoint\",\"urlTemplate\":\"https:\\\/\\\/subirapuig-sculpteur.com\\\/?s={search_term_string}\"},\"query-input\":{\"@type\":\"PropertyValueSpecification\",\"valueRequired\":true,\"valueName\":\"search_term_string\"}}],\"inLanguage\":\"fr-FR\"}]}<\/script>\n<!-- \/ Yoast SEO plugin. -->","yoast_head_json":{"title":"Biographie","robots":{"index":"index","follow":"follow","max-snippet":"max-snippet:-1","max-image-preview":"max-image-preview:large","max-video-preview":"max-video-preview:-1"},"canonical":"https:\/\/subirapuig-sculpteur.com\/index.php\/biographie\/","og_locale":"fr_FR","og_type":"article","og_title":"Biographie","og_description":"Jos\u00e9 Subir\u00e0-Puig N\u00e9 en 1925, Jos\u00e9 Subira-Puig suit des \u00e9tudes musicales au conservatoire Luis Millet de Barcelone. Il est ensuite l\u2019\u00e9l\u00e8ve du sculpteur Enrique Monjo \u00e0 l\u2019\u00e9cole des Beaux-arts (La Llotja) de Barcelone en 1941 et \u00e9tudie la taille directe avec le sculpteur Charles Collet de 1942 \u00e0 1944. Il d\u00e9couvre Paris en 1953 o\u00f9 [&hellip;]","og_url":"https:\/\/subirapuig-sculpteur.com\/index.php\/biographie\/","article_modified_time":"2022-04-15T15:33:48+00:00","og_image":[{"url":"https:\/\/subirapuig-sculpteur.com\/wp-content\/uploads\/elementor\/thumbs\/montage-oeuvre-perso-de-C.Z.-scaled-pm6mg02d6frqr1k8k07kq6m24g8t610yag8vkwr5c2.jpg","type":"","width":"","height":""}],"twitter_card":"summary_large_image","twitter_misc":{"Dur\u00e9e de lecture estim\u00e9e":"2 minutes"},"schema":{"@context":"https:\/\/schema.org","@graph":[{"@type":"WebPage","@id":"https:\/\/subirapuig-sculpteur.com\/index.php\/biographie\/","url":"https:\/\/subirapuig-sculpteur.com\/index.php\/biographie\/","name":"Biographie","isPartOf":{"@id":"https:\/\/subirapuig-sculpteur.com\/#website"},"primaryImageOfPage":{"@id":"https:\/\/subirapuig-sculpteur.com\/index.php\/biographie\/#primaryimage"},"image":{"@id":"https:\/\/subirapuig-sculpteur.com\/index.php\/biographie\/#primaryimage"},"thumbnailUrl":"https:\/\/subirapuig-sculpteur.com\/wp-content\/uploads\/elementor\/thumbs\/montage-oeuvre-perso-de-C.Z.-scaled-pm6mg02d6frqr1k8k07kq6m24g8t610yag8vkwr5c2.jpg","datePublished":"2022-04-04T08:44:01+00:00","dateModified":"2022-04-15T15:33:48+00:00","breadcrumb":{"@id":"https:\/\/subirapuig-sculpteur.com\/index.php\/biographie\/#breadcrumb"},"inLanguage":"fr-FR","potentialAction":[{"@type":"ReadAction","target":["https:\/\/subirapuig-sculpteur.com\/index.php\/biographie\/"]}]},{"@type":"ImageObject","inLanguage":"fr-FR","@id":"https:\/\/subirapuig-sculpteur.com\/index.php\/biographie\/#primaryimage","url":"https:\/\/subirapuig-sculpteur.com\/wp-content\/uploads\/elementor\/thumbs\/montage-oeuvre-perso-de-C.Z.-scaled-pm6mg02d6frqr1k8k07kq6m24g8t610yag8vkwr5c2.jpg","contentUrl":"https:\/\/subirapuig-sculpteur.com\/wp-content\/uploads\/elementor\/thumbs\/montage-oeuvre-perso-de-C.Z.-scaled-pm6mg02d6frqr1k8k07kq6m24g8t610yag8vkwr5c2.jpg"},{"@type":"BreadcrumbList","@id":"https:\/\/subirapuig-sculpteur.com\/index.php\/biographie\/#breadcrumb","itemListElement":[{"@type":"ListItem","position":1,"name":"Accueil","item":"https:\/\/subirapuig-sculpteur.com\/"},{"@type":"ListItem","position":2,"name":"Biographie"}]},{"@type":"WebSite","@id":"https:\/\/subirapuig-sculpteur.com\/#website","url":"https:\/\/subirapuig-sculpteur.com\/","name":"","description":"Jos\u00e9 Subira Puig","potentialAction":[{"@type":"SearchAction","target":{"@type":"EntryPoint","urlTemplate":"https:\/\/subirapuig-sculpteur.com\/?s={search_term_string}"},"query-input":{"@type":"PropertyValueSpecification","valueRequired":true,"valueName":"search_term_string"}}],"inLanguage":"fr-FR"}]}},"jetpack_sharing_enabled":true,"_links":{"self":[{"href":"https:\/\/subirapuig-sculpteur.com\/index.php\/wp-json\/wp\/v2\/pages\/1599","targetHints":{"allow":["GET"]}}],"collection":[{"href":"https:\/\/subirapuig-sculpteur.com\/index.php\/wp-json\/wp\/v2\/pages"}],"about":[{"href":"https:\/\/subirapuig-sculpteur.com\/index.php\/wp-json\/wp\/v2\/types\/page"}],"author":[{"embeddable":true,"href":"https:\/\/subirapuig-sculpteur.com\/index.php\/wp-json\/wp\/v2\/users\/1"}],"replies":[{"embeddable":true,"href":"https:\/\/subirapuig-sculpteur.com\/index.php\/wp-json\/wp\/v2\/comments?post=1599"}],"version-history":[{"count":77,"href":"https:\/\/subirapuig-sculpteur.com\/index.php\/wp-json\/wp\/v2\/pages\/1599\/revisions"}],"predecessor-version":[{"id":2407,"href":"https:\/\/subirapuig-sculpteur.com\/index.php\/wp-json\/wp\/v2\/pages\/1599\/revisions\/2407"}],"wp:attachment":[{"href":"https:\/\/subirapuig-sculpteur.com\/index.php\/wp-json\/wp\/v2\/media?parent=1599"}],"curies":[{"name":"wp","href":"https:\/\/api.w.org\/{rel}","templated":true}]}}